{"id":53,"date":"2022-04-27T13:40:10","date_gmt":"2022-04-27T13:40:10","guid":{"rendered":"http:\/\/www.mehmetyucel.net\/index.php\/about\/"},"modified":"2023-12-18T06:32:22","modified_gmt":"2023-12-18T06:32:22","slug":"about","status":"publish","type":"page","link":"http:\/\/www.mehmetyucel.net\/index.php\/about\/","title":{"rendered":"Hakk\u0131mda"},"content":{"rendered":"\n<p class=\"has-black-color has-text-color has-link-color wp-elements-8da4d3aa45a392b1faf3cffc60f495d9\">K\u00fcre\u2019de 1962 y\u0131l\u0131nda do\u011fdum. \u0130lk ve ortaokulu K\u00fcre\u2019de okudum. Ankara Atat\u00fcrk Lisesi&#8217;nin yat\u0131l\u0131 2. s\u0131n\u0131f \u00f6\u011frencisiyken ikinci d\u00f6nemde yine yat\u0131l\u0131 olarak Kastamonu Abdurrahman Pa\u015fa Lisesi\u2019ne geldim ve 1979 y\u0131l\u0131nda mezun oldum. \u00dcniversite e\u011fitimimi Ankara \u00dcniversitesi SBF Bas\u0131n Yay\u0131n Y\u00fcksek Okulu Gazetecilik ve Halkla \u0130li\u015fkiler B\u00f6l\u00fcm\u00fc&#8217;nde tamamlad\u0131m.\u00a0<\/p>\n\n\n\n<p class=\"has-black-color has-text-color has-link-color wp-elements-84048a36f7bca6f42b0e137b4b5c30ee\">\u0130lk yaz\u0131m Babam Aypolat Y\u00fccel\u2019in sahibi oldu\u011fu <strong>\u201cK\u00fcre\u2019nin Sesi\u201d<\/strong> gazetesinde yay\u0131nland\u0131. <\/p>\n\n\n\n<p class=\"has-black-color has-text-color has-link-color wp-elements-b8ebf64dd0e05bcd28a4826b6283e6f6\">\u201c<strong>Kastamonu\u201d <\/strong>gazetesinde uzunca bir s\u00fcre <strong>&#8220;yerel kaynaklar\u0131m\u0131za sahip \u00e7\u0131kma&#8221;<\/strong> ana fikriyle g\u00f6\u00e7, yat\u0131r\u0131m ve istihdam odakl\u0131 yaz\u0131lar kaleme alarak, dijitalle\u015fmeyle birlikte de\u011fi\u015fen d\u00fcnya ko\u015fullar\u0131na dikkat \u00e7ekmeye \u00e7al\u0131\u015ft\u0131m. <\/p>\n\n\n\n<p class=\"has-black-color has-text-color has-link-color wp-elements-1c729bd5da72d34ec5548018a878c646\"><strong>\u201cS\u00f6z a\u011fr\u0131s\u0131\u201d<\/strong> ad\u0131yla \u015fiirlerimi, <strong>\u201cG\u00f6z a\u011fr\u0131s\u0131\u201d <\/strong>ad\u0131yla foto\u011fraflar\u0131m\u0131 bas\u0131l\u0131 olarak bir araya getirmeyi planlarken, <strong>&#8220;\u00fcr\u00fcnlerimi&#8221;<\/strong> kendi ad\u0131m\u0131 ta\u015f\u0131yan bir web sitesiyle sunman\u0131n <strong>&#8220;zaman\u0131n ruhu&#8221;<\/strong>na daha uygun olaca\u011f\u0131 d\u00fc\u015f\u00fcncesiyle <a href=\"http:\/\/www.mehmetyucel.net\/\" data-type=\"link\" data-id=\"http:\/\/www.mehmetyucel.net\/\" target=\"_blank\" rel=\"noreferrer noopener\"><strong>mehmetyucel.net<\/strong><\/a>&#8216;i yay\u0131na haz\u0131rlad\u0131m. <\/p>\n\n\n\n<p class=\"has-black-color has-text-color has-link-color wp-elements-2f269bc84c06b2380cc5422245a9ab9b\">Evli ve bir \u00e7ocuk babas\u0131y\u0131m.<\/p>\n\n\n\n<p><\/p>\n","protected":false},"excerpt":{"rendered":"<p>K\u00fcre\u2019de 1962 y\u0131l\u0131nda do\u011fdum. \u0130lk ve ortaokulu K\u00fcre\u2019de okudum. Ankara Atat\u00fcrk Lisesi&#8217;nin yat\u0131l\u0131 2. s\u0131n\u0131f \u00f6\u011frencisiyken ikinci d\u00f6nemde yine yat\u0131l\u0131 olarak Kastamonu Abdurrahman Pa\u015fa Lisesi\u2019ne geldim ve 1979 y\u0131l\u0131nda mezun oldum. \u00dcniversite e\u011fitimimi Ankara \u00dcniversitesi SBF Bas\u0131n Yay\u0131n Y\u00fcksek Okulu Gazetecilik ve Halkla \u0130li\u015fkiler B\u00f6l\u00fcm\u00fc&#8217;nde tamamlad\u0131m.\u00a0 \u0130lk yaz\u0131m Babam Aypolat Y\u00fccel\u2019in sahibi oldu\u011fu \u201cK\u00fcre\u2019nin Sesi\u201d [&hellip;]<\/p>\n","protected":false},"author":1,"featured_media":0,"parent":0,"menu_order":0,"comment_status":"closed","ping_status":"closed","template":"","meta":{"footnotes":""},"_links":{"self":[{"href":"http:\/\/www.mehmetyucel.net\/index.php\/wp-json\/wp\/v2\/pages\/53"}],"collection":[{"href":"http:\/\/www.mehmetyucel.net\/index.php\/wp-json\/wp\/v2\/pages"}],"about":[{"href":"http:\/\/www.mehmetyucel.net\/index.php\/wp-json\/wp\/v2\/types\/page"}],"author":[{"embeddable":true,"href":"http:\/\/www.mehmetyucel.net\/index.php\/wp-json\/wp\/v2\/users\/1"}],"replies":[{"embeddable":true,"href":"http:\/\/www.mehmetyucel.net\/index.php\/wp-json\/wp\/v2\/comments?post=53"}],"version-history":[{"count":9,"href":"http:\/\/www.mehmetyucel.net\/index.php\/wp-json\/wp\/v2\/pages\/53\/revisions"}],"predecessor-version":[{"id":716,"href":"http:\/\/www.mehmetyucel.net\/index.php\/wp-json\/wp\/v2\/pages\/53\/revisions\/716"}],"wp:attachment":[{"href":"http:\/\/www.mehmetyucel.net\/index.php\/wp-json\/wp\/v2\/media?parent=53"}],"curies":[{"name":"wp","href":"https:\/\/api.w.org\/{rel}","templated":true}]}}